{"id":9096,"date":"2025-07-27T20:34:40","date_gmt":"2025-07-27T18:34:40","guid":{"rendered":"https:\/\/youniquebyemilie.com\/produit\/you-ology-cura-de-7-dias-con-vitamina-c\/"},"modified":"2025-11-26T08:49:01","modified_gmt":"2025-11-26T07:49:01","slug":"you-ology-cura-de-7-dias-con-vitamina-c","status":"publish","type":"product","link":"https:\/\/youniquebyemilie.com\/es\/produit\/you-ology-cura-de-7-dias-con-vitamina-c\/","title":{"rendered":"YOU OLOGY Cura de 7 d\u00edas con vitamina C"},"content":{"rendered":"<p><span style=\"font-weight: 400;\">\u00bfQuieres recuperar la luminosidad de tu piel sin las molestias de una rutina complicada? Te presentamos   <\/span><b>YOU-OLOGY cura de vitamina C<\/b><span style=\"font-weight: 400;\">. En 7 d\u00edas, este tratamiento  <\/span><b>ultrapotente<\/b><span style=\"font-weight: 400;\">  te sorprender\u00e1. Combina   <\/span><b>un suero activador<\/b><span style=\"font-weight: 400;\"> y <\/span><b>perlas liofilizadas<\/b><span style=\"font-weight: 400;\"> perlas que contienen una concentraci\u00f3n del 26% de vitamina C para una <\/span><b>tez luminosa<\/b><span style=\"font-weight: 400;\">, <\/span><b>una piel m\u00e1s lisa<\/b><span style=\"font-weight: 400;\">y <\/span><b>reduce los signos de fatiga<\/b><span style=\"font-weight: 400;\">.<\/span><\/p>\n<p><span style=\"font-weight: 400;\">Imagina un s\u00e9rum que hidrate, calme y act\u00fae en profundidad para dar a tu piel ese <\/span><b>impulso de frescor<\/b><span style=\"font-weight: 400;\">  que necesita. En s\u00f3lo 7 d\u00edas, ver\u00e1s resultados visibles:   <\/span><b>piel nutrida<\/b><span style=\"font-weight: 400;\">, <\/span><b>m\u00e1s uniforme<\/b><span style=\"font-weight: 400;\">y, sobre todo, lista para <\/span><b>afrontar el d\u00eda<\/b><span style=\"font-weight: 400;\"> con resplandor.<\/span><\/p>\n<p>&nbsp;<\/p>\n<h2><span style=\"font-weight: 400;\">Por qu\u00e9 te encantar\u00e1 este tratamiento con vitamina C:<\/span><\/h2>\n<ul>\n<li style=\"font-weight: 400;\" aria-level=\"1\"><b>Luminosidad instant\u00e1nea<\/b><span style=\"font-weight: 400;\"> Enriquecido con un 26% de vitamina C, ilumina <\/span><b>ilumina<\/b><span style=\"font-weight: 400;\"> y <\/span><b>despierta<\/b><span style=\"font-weight: 400;\"> tu piel, dej\u00e1ndola m\u00e1s suave y tersa.<\/span>&nbsp;<\/li>\n<li style=\"font-weight: 400;\" aria-level=\"1\"><b>Rutina simplificada<\/b><span style=\"font-weight: 400;\"> : En 7 d\u00edas, puedes devolver a tu piel <\/span><b>todo lo que se merece<\/b><span style=\"font-weight: 400;\">sin complicaciones.<\/span>&nbsp;<\/li>\n<li style=\"font-weight: 400;\" aria-level=\"1\"><b>Hidrata y revitaliza<\/b><span style=\"font-weight: 400;\"> Con <\/span><b>escualeno<\/b><span style=\"font-weight: 400;\">y <\/span><b>niacinamida<\/b><span style=\"font-weight: 400;\">y <\/span><b>extractos de aloe<\/b><span style=\"font-weight: 400;\">este producto para el cuidado de la piel la hidrata y protege en profundidad.<\/span>&nbsp;<\/li>\n<li style=\"font-weight: 400;\" aria-level=\"1\"><b>Resultados visibles<\/b><span style=\"font-weight: 400;\"> En s\u00f3lo 7 d\u00edas, notar\u00e1s la diferencia: una <\/span><b>cutis radiante<\/b><span style=\"font-weight: 400;\">y <\/span><b>rojeces reducidas<\/b><span style=\"font-weight: 400;\">y <\/span><b>una piel revitalizada<\/b><span style=\"font-weight: 400;\">.<\/span>&nbsp;<\/li>\n<li style=\"font-weight: 400;\" aria-level=\"1\"><b>F\u00e1cil de usar<\/b><span style=\"font-weight: 400;\"> No necesitas herramientas complicadas; apl\u00edcalo una vez al d\u00eda y disfruta de los efectos de un <\/span><b>cuidado eficaz<\/b><span style=\"font-weight: 400;\">.<\/span>&nbsp;<\/li>\n<\/ul>\n<p>&nbsp;<\/p>\n<h2><span style=\"font-weight: 400;\">Los ingredientes clave que transforman tu piel :<\/span><\/h2>\n<ul>\n<li style=\"font-weight: 400;\" aria-level=\"1\"><b>Niacinamida (vitamina B3)<\/b><span style=\"font-weight: 400;\"> Calma y reduce las rojeces para una tez m\u00e1s uniforme <\/span><b>uniforme<\/b><span style=\"font-weight: 400;\">.<\/span>&nbsp;<\/li>\n<li style=\"font-weight: 400;\" aria-level=\"1\"><b>Escualeno<\/b><span style=\"font-weight: 400;\"> Un extracto vegetal <\/span><b>hidratante<\/b><span style=\"font-weight: 400;\"> que nutre tu piel <\/span><b>suave<\/b><span style=\"font-weight: 400;\"> y <\/span><b>flexible<\/b><span style=\"font-weight: 400;\">.<\/span>&nbsp;<\/li>\n<li style=\"font-weight: 400;\" aria-level=\"1\"><b>Extracto de aloe<\/b><span style=\"font-weight: 400;\"> Refresca y revitaliza tu piel para un <\/span><b>efecto calmante<\/b><span style=\"font-weight: 400;\">.<\/span>&nbsp;<\/li>\n<li style=\"font-weight: 400;\" aria-level=\"1\"><b>Extracto de hoja de Centella Asi\u00e1tica<\/b><span style=\"font-weight: 400;\"> Un potente <\/span><b>reparador<\/b><span style=\"font-weight: 400;\">Rico en antioxidantes y amino\u00e1cidos<\/span>&nbsp;<\/li>\n<li style=\"font-weight: 400;\" aria-level=\"1\"><b>Extracto de albahaca santa<\/b><span style=\"font-weight: 400;\"> Proporciona <\/span><b>protecci\u00f3n antioxidante<\/b><span style=\"font-weight: 400;\"> y <\/span><b>estimula<\/b><span style=\"font-weight: 400;\"> tu piel para un cutis luminoso.<\/span>&nbsp;<\/li>\n<\/ul>\n<p>&nbsp;<\/p>\n<h2><span style=\"font-weight: 400;\">C\u00f3mo utilizarlo f\u00e1cilmente :<\/span><\/h2>\n<ol>\n<li style=\"font-weight: 400;\" aria-level=\"1\"><span style=\"font-weight: 400;\">Coge una perla y m\u00e9zclala con el suero activador en la mano hasta obtener una consistencia homog\u00e9nea.<\/span>&nbsp;<\/li>\n<li style=\"font-weight: 400;\" aria-level=\"1\"><span style=\"font-weight: 400;\">Aplica la mezcla sobre el rostro con movimientos circulares. Masajea ligeramente para estimular la piel y facilitar su absorci\u00f3n. <\/span>&nbsp;<\/li>\n<li style=\"font-weight: 400;\" aria-level=\"1\"><span style=\"font-weight: 400;\">Apl\u00edcalo una vez al d\u00eda durante 7 d\u00edas para obtener resultados \u00f3ptimos. \u00a1No olvides hidratar tu piel despu\u00e9s! <\/span>&nbsp;<\/li>\n<\/ol>\n<p>&nbsp;<\/p>\n<h2><span style=\"font-weight: 400;\">Por qu\u00e9 no te lo puedes perder:<\/span><\/h2>\n<p><span style=\"font-weight: 400;\">Si quieres <\/span><b>despertar tu piel<\/b><span style=\"font-weight: 400;\">, <\/span><b>reducir los signos de fatiga<\/b><span style=\"font-weight: 400;\"> y conseguir un <\/span><b>cutis radiante<\/b><span style=\"font-weight: 400;\">el <\/span><b>YOU-OLOGY cura de vitamina C<\/b><span style=\"font-weight: 400;\">  es exactamente lo que necesitas. Es un tratamiento   <\/span><b>practica<\/b><span style=\"font-weight: 400;\"> y <\/span><b>eficaz<\/b><span style=\"font-weight: 400;\">que combina <\/span><b>ingredientes potentes<\/b><span style=\"font-weight: 400;\"> para ofrecer <\/span><b>resultados visibles en s\u00f3lo una semana<\/b><span style=\"font-weight: 400;\">. No dejes pasar esta oportunidad  <\/span><b>piel m\u00e1s brillante<\/b><span style=\"font-weight: 400;\">, <\/span><b>m\u00e1s tersa<\/b><span style=\"font-weight: 400;\"> y <\/span><b>aspecto m\u00e1s joven<\/b><span style=\"font-weight: 400;\">.<\/span><\/p>\n<p> <span style=\"font-weight: 400;\"> A\u00f1\u00e1delo a tu cesta de la compra y disfruta de <\/span><b>una piel radiante<\/b><span style=\"font-weight: 400;\">, <\/span><b>suave<\/b><span style=\"font-weight: 400;\"> y<\/span><b> revitalizada<\/b><span style=\"font-weight: 400;\"> \u00a1a partir de ahora!<\/span><\/p>\n<p>&nbsp;<\/p>\n","protected":false},"excerpt":{"rendered":"<p><span style=\"font-weight: 400;\">\u00bfQuieres recuperar la luminosidad de tu piel sin las molestias de una rutina complicada? Te presentamos   <\/span><b>YOU-OLOGY cura de vitamina C<\/b><span style=\"font-weight: 400;\">. En 7 d\u00edas, este tratamiento  <\/span><b>ultrapotente<\/b><span style=\"font-weight: 400;\">  te sorprender\u00e1. Combina   <\/span><b>un suero activador<\/b><span style=\"font-weight: 400;\"> y <\/span><b>perlas liofilizadas<\/b><span style=\"font-weight: 400;\"> perlas que contienen una concentraci\u00f3n del 26% de vitamina C para una <\/span><b>tez luminosa<\/b><span style=\"font-weight: 400;\">, <\/span><b>una piel m\u00e1s lisa<\/b><span style=\"font-weight: 400;\">y <\/span><b>reduce los signos de fatiga<\/b><span style=\"font-weight: 400;\">.<\/span><\/p>\n","protected":false},"featured_media":8346,"comment_status":"open","ping_status":"closed","template":"","meta":{"_seopress_robots_primary_cat":"none","_seopress_titles_title":"","_seopress_titles_desc":"","_seopress_robots_index":"","site-sidebar-layout":"default","site-content-layout":"","ast-site-content-layout":"default","site-content-style":"default","site-sidebar-style":"default","ast-global-header-display":"","ast-banner-title-visibility":"","ast-main-header-display":"","ast-hfb-above-header-display":"","ast-hfb-below-header-display":"","ast-hfb-mobile-header-display":"","site-post-title":"","ast-breadcrumbs-content":"","ast-featured-img":"","footer-sml-layout":"","ast-disable-related-posts":"","theme-transparent-header-meta":"default","adv-header-id-meta":"","stick-header-meta":"","header-above-stick-meta":"","header-main-stick-meta":"","header-below-stick-meta":"","astra-migrate-meta-layouts":"default","ast-page-background-enabled":"default","ast-page-background-meta":{"desktop":{"background-color":"var(--ast-global-color-4)","background-image":"","background-repeat":"repeat","background-position":"center center","background-size":"auto","background-attachment":"scroll","background-type":"","background-media":"","overlay-type":"","overlay-color":"","overlay-opacity":"","overlay-gradient":""},"tablet":{"background-color":"","background-image":"","background-repeat":"repeat","background-position":"center center","background-size":"auto","background-attachment":"scroll","background-type":"","background-media":"","overlay-type":"","overlay-color":"","overlay-opacity":"","overlay-gradient":""},"mobile":{"background-color":"","background-image":"","background-repeat":"repeat","background-position":"center center","background-size":"auto","background-attachment":"scroll","background-type":"","background-media":"","overlay-type":"","overlay-color":"","overlay-opacity":"","overlay-gradient":""}},"ast-content-background-meta":{"desktop":{"background-color":"var(--ast-global-color-5)","background-image":"","background-repeat":"repeat","background-position":"center center","background-size":"auto","background-attachment":"scroll","background-type":"","background-media":"","overlay-type":"","overlay-color":"","overlay-opacity":"","overlay-gradient":""},"tablet":{"background-color":"var(--ast-global-color-5)","background-image":"","background-repeat":"repeat","background-position":"center center","background-size":"auto","background-attachment":"scroll","background-type":"","background-media":"","overlay-type":"","overlay-color":"","overlay-opacity":"","overlay-gradient":""},"mobile":{"background-color":"var(--ast-global-color-5)","background-image":"","background-repeat":"repeat","background-position":"center center","background-size":"auto","background-attachment":"scroll","background-type":"","background-media":"","overlay-type":"","overlay-color":"","overlay-opacity":"","overlay-gradient":""}}},"product_brand":[],"product_cat":[72],"product_tag":[],"class_list":{"0":"post-9096","1":"product","2":"type-product","3":"status-publish","4":"has-post-thumbnail","6":"product_cat-piel","7":"desktop-align-left","8":"tablet-align-left","9":"mobile-align-left","11":"first","12":"instock","13":"sale","14":"shipping-taxable","15":"product-type-external"},"_links":{"self":[{"href":"https:\/\/youniquebyemilie.com\/es\/wp-json\/wp\/v2\/product\/9096","targetHints":{"allow":["GET"]}}],"collection":[{"href":"https:\/\/youniquebyemilie.com\/es\/wp-json\/wp\/v2\/product"}],"about":[{"href":"https:\/\/youniquebyemilie.com\/es\/wp-json\/wp\/v2\/types\/product"}],"replies":[{"embeddable":true,"href":"https:\/\/youniquebyemilie.com\/es\/wp-json\/wp\/v2\/comments?post=9096"}],"wp:featuredmedia":[{"embeddable":true,"href":"https:\/\/youniquebyemilie.com\/es\/wp-json\/wp\/v2\/media\/8346"}],"wp:attachment":[{"href":"https:\/\/youniquebyemilie.com\/es\/wp-json\/wp\/v2\/media?parent=9096"}],"wp:term":[{"taxonomy":"product_brand","embeddable":true,"href":"https:\/\/youniquebyemilie.com\/es\/wp-json\/wp\/v2\/product_brand?post=9096"},{"taxonomy":"product_cat","embeddable":true,"href":"https:\/\/youniquebyemilie.com\/es\/wp-json\/wp\/v2\/product_cat?post=9096"},{"taxonomy":"product_tag","embeddable":true,"href":"https:\/\/youniquebyemilie.com\/es\/wp-json\/wp\/v2\/product_tag?post=9096"}],"curies":[{"name":"wp","href":"https:\/\/api.w.org\/{rel}","templated":true}]}}